{"id":6758,"date":"2026-04-15T09:48:50","date_gmt":"2026-04-15T07:48:50","guid":{"rendered":"https:\/\/radelster.de\/vop\/"},"modified":"2026-04-15T09:52:48","modified_gmt":"2026-04-15T07:52:48","slug":"vop","status":"publish","type":"page","link":"https:\/\/radelster.de\/cs\/vop\/","title":{"rendered":"VOP"},"content":{"rendered":"\t\t<div data-elementor-type=\"wp-page\" data-elementor-id=\"6758\" class=\"elementor elementor-6758 elementor-6750\" data-elementor-post-type=\"page\">\n\t\t\t\t<div class=\"elementor-element elementor-element-4d3819e1 e-flex e-con-boxed e-con e-parent\" data-id=\"4d3819e1\" data-element_type=\"container\" data-e-type=\"container\">\n\t\t\t\t\t<div class=\"e-con-inner\">\n\t\t\t\t<div class=\"elementor-element elementor-element-12e156a4 elementor-widget elementor-widget-heading\" data-id=\"12e156a4\" data-element_type=\"widget\" data-e-type=\"widget\" data-widget_type=\"heading.default\">\n\t\t\t\t\t<h1 class=\"elementor-heading-title elementor-size-default\">VOP<\/h1>\t\t\t\t<\/div>\n\t\t\t\t<div class=\"elementor-element elementor-element-6c5fb314 elementor-widget elementor-widget-text-editor\" data-id=\"6c5fb314\" data-element_type=\"widget\" data-e-type=\"widget\" data-widget_type=\"text-editor.default\">\n\t\t\t\t\t\t\t\t\t<p><strong>V\u0161eobecn\u00e9 obchodn\u00ed podm\u00ednky (VOP) pro p\u016fj\u010dovnu kol<\/strong><\/p><p><strong>1. Rozsah platnosti<\/strong><\/p><p>1.1 Tyto v\u0161eobecn\u00e9 obchodn\u00ed podm\u00ednky (VOP) plat\u00ed pro v\u0161echny smlouvy o pron\u00e1jmu j\u00edzdn\u00edch kol a souvisej\u00edc\u00edho p\u0159\u00edslu\u0161enstv\u00ed (zejm\u00e9na z\u00e1mk\u016f, p\u0159ileb, osv\u011btlen\u00ed) mezi pronaj\u00edmatelem (\u201epronaj\u00edmatel\u201c) a n\u00e1jemcem (\u201ez\u00e1kazn\u00edk\u201c).<\/p><p>1.2 Odchyln\u00e1 ujedn\u00e1n\u00ed od t\u011bchto VOP plat\u00ed pouze tehdy, pokud byla mezi Pronaj\u00edmatelem a Z\u00e1kazn\u00edkem dohodnuta v textov\u00e9 form\u011b. Podm\u00ednky Z\u00e1kazn\u00edka, kter\u00e9 jsou v rozporu s t\u011bmito VOP nebo se od nich odchyluj\u00ed, se nepou\u017eij\u00ed. <\/p><p>1.3 V\u00fdslovn\u011b je vylou\u010deno pou\u017e\u00edv\u00e1n\u00ed v r\u00e1mci sportovn\u00edch nebo z\u00e1vodn\u00edch akc\u00ed, v bike parc\u00edch a p\u0159i jin\u00fdch sportovn\u00edch ud\u00e1lostech. Pou\u017e\u00edv\u00e1n\u00ed prob\u00edh\u00e1 v\u00fdhradn\u011b ve ve\u0159ejn\u00e9m silni\u010dn\u00edm provozu nebo na ve\u0159ejn\u011b p\u0159\u00edstupn\u00fdch cest\u00e1ch s dodr\u017eov\u00e1n\u00edm pravidel silni\u010dn\u00edho provozu. <\/p><p><strong>2. Uzav\u0159en\u00ed smlouvy a doklad toto\u017enosti<\/strong><\/p><p>2.1 N\u00e1jemn\u00ed smlouva vznik\u00e1 rezervac\u00ed Z\u00e1kazn\u00edka a p\u0159ijet\u00edm Pronaj\u00edmatelem. Pronaj\u00edmatel je opr\u00e1vn\u011bn odm\u00edtnout uzav\u0159en\u00ed smlouvy bez ud\u00e1n\u00ed d\u016fvodu. <\/p><p>2.2 Z\u00e1kazn\u00edk mus\u00ed p\u0159i p\u0159ed\u00e1n\u00ed p\u0159edlo\u017eit platn\u00fd \u00fa\u0159edn\u011b vydan\u00fd pr\u016fkaz toto\u017enosti s fotografi\u00ed. Pronaj\u00edmatel je opr\u00e1vn\u011bn po\u0159\u00eddit kopii nebo zaznamenat relevantn\u00ed \u00fadaje (nap\u0159. jm\u00e9no, adresa, \u010d\u00edslo pr\u016fkazu) pro spln\u011bn\u00ed smlouvy, pokud to z\u00e1kon umo\u017e\u0148uje. <\/p><p><strong>3. Doba pron\u00e1jmu, prodlou\u017een\u00ed a vr\u00e1cen\u00ed<\/strong><\/p><p>3.1 Doba pron\u00e1jmu za\u010d\u00edn\u00e1 p\u0159ed\u00e1n\u00edm a kon\u010d\u00ed \u0159\u00e1dn\u00fdm vr\u00e1cen\u00edm Pronaj\u00edmateli b\u011bhem otev\u00edrac\u00ed doby nebo na v\u00fdslovn\u011b dohodnut\u00e9m m\u00edst\u011b.<\/p><p>3.2 Prodlou\u017een\u00ed doby pron\u00e1jmu vy\u017eaduje p\u0159edchoz\u00ed souhlas Pronaj\u00edmatele. Pokud souhlas nebude ud\u011blen, opo\u017ed\u011bn\u00e9 vr\u00e1cen\u00ed se pova\u017euje za poru\u0161en\u00ed smlouvy. <\/p><p>3.3 P\u0159i opo\u017ed\u011bn\u00e9m vr\u00e1cen\u00ed m\u016f\u017ee Pronaj\u00edmatel po\u017eadovat dodate\u010dn\u00e9 n\u00e1jemn\u00e9 podle platn\u00e9ho cen\u00edku a smluvn\u00ed pokutu za neopr\u00e1vn\u011bn\u00e9 zadr\u017een\u00ed. Dal\u0161\u00ed n\u00e1roky na n\u00e1hradu \u0161kody z\u016fst\u00e1vaj\u00ed nedot\u010deny. <\/p><p><strong>4. Ceny, kauce a platba<\/strong><\/p><p>4.1 Plat\u00ed ceny uveden\u00e9 v cen\u00edku ke dni uzav\u0159en\u00ed smlouvy. V\u0161echny ceny zahrnuj\u00ed, pokud nen\u00ed uvedeno jinak, z\u00e1konnou da\u0148 z p\u0159idan\u00e9 hodnoty. <\/p><p>4.2 Pronaj\u00edmatel m\u016f\u017ee po\u017eadovat p\u0159im\u011b\u0159enou kauci\/z\u00e1lohu. Kauce bude vr\u00e1cena po \u0159\u00e1dn\u00e9m vr\u00e1cen\u00ed a kontrole p\u0159edm\u011btu pron\u00e1jmu. <\/p><p>4.3 Platba se prov\u00e1d\u00ed p\u0159edem p\u0159i p\u0159ed\u00e1n\u00ed, pokud nebylo dohodnuto jinak. P\u0159i prodlen\u00ed s platbou plat\u00ed z\u00e1konn\u00e1 ustanoven\u00ed. <\/p><p><strong>5. P\u0159ed\u00e1n\u00ed, stav a hl\u00e1\u0161en\u00ed vad<\/strong><\/p><p>5.1 Kola jsou p\u0159ed\u00e1v\u00e1na v provozuschopn\u00e9m stavu. Z\u00e1kazn\u00edk mus\u00ed p\u0159i p\u0159ed\u00e1n\u00ed zkontrolovat kolo a p\u0159\u00edslu\u0161enstv\u00ed a neprodlen\u011b nahl\u00e1sit zjevn\u00e9 vady. <\/p><p>5.2 Pokud se b\u011bhem doby pron\u00e1jmu vyskytne vada, mus\u00ed Z\u00e1kazn\u00edk neprodlen\u011b informovat Pronaj\u00edmatele a \u2013 pokud je to p\u0159im\u011b\u0159en\u00e9 \u2013 kolo d\u00e1le nepou\u017e\u00edvat. Pronaj\u00edmatel podle vlastn\u00edho uv\u00e1\u017een\u00ed provede opravu nebo poskytne n\u00e1hradn\u00ed kolo. N\u00e1rok na konkr\u00e9tn\u00ed model nevznik\u00e1.  <\/p><p><strong>6. Rozsah pou\u017e\u00edv\u00e1n\u00ed a z\u00e1kazy<\/strong><\/p><p>6.1 S kolem je t\u0159eba zach\u00e1zet \u0161etrn\u011b a odborn\u011b podle pokyn\u016f k provozu a pou\u017e\u00edv\u00e1n\u00ed. Mus\u00ed b\u00fdt v\u017edy \u0159\u00e1dn\u011b zaji\u0161t\u011bno (nap\u0159. povinnost p\u0159ipevn\u011bn\u00ed r\u00e1mu pomoc\u00ed dodan\u00e9ho z\u00e1mku). <\/p><p>6.2 Zak\u00e1z\u00e1no je zejm\u00e9na: (a) \u00fapravy nebo manipulace, (b) p\u0159eprava dal\u0161\u00edch osob (krom\u011b povolen\u00e9 d\u011btsk\u00e9 seda\u010dky), (c) nadm\u011brn\u00e9 zat\u00ed\u017een\u00ed (dodr\u017euj hmotnostn\u00ed limity), (d) ter\u00e9nn\u00ed\/sjezdov\u00e9 pou\u017e\u00edv\u00e1n\u00ed, bike parky, z\u00e1vody, sout\u011b\u017ee a jin\u00e9 sportovn\u00ed akce, (e) komer\u010dn\u00ed vyu\u017eit\u00ed bez v\u00fdslovn\u00e9ho souhlasu.     <\/p><p>6.3 Z\u00e1kazn\u00edk mus\u00ed p\u0159i j\u00edzd\u011b dodr\u017eovat platn\u00e9 dopravn\u00ed p\u0159edpisy (zejm\u00e9na pravidla silni\u010dn\u00edho provozu). U elektrokol\/pedelc\u016f je t\u0159eba dodr\u017eovat zvl\u00e1\u0161tn\u00ed z\u00e1konn\u00e1 ustanoven\u00ed. <\/p><p><strong>7. Odpov\u011bdnost Z\u00e1kazn\u00edka, kr\u00e1de\u017e a nehody<\/strong><\/p><p>7.1 Z\u00e1kazn\u00edk odpov\u00edd\u00e1 za \u0161kody vznikl\u00e9 neodborn\u00fdm zach\u00e1zen\u00edm, poru\u0161en\u00edm t\u011bchto VOP nebo poru\u0161en\u00edm z\u00e1konn\u00fdch p\u0159edpis\u016f, pokud je za to odpov\u011bdn\u00fd.<\/p><p>7.2 V p\u0159\u00edpad\u011b kr\u00e1de\u017ee nebo ztr\u00e1ty mus\u00ed Z\u00e1kazn\u00edk neprodlen\u011b podat ozn\u00e1men\u00ed na policii a informovat Pronaj\u00edmatele. Z\u00e1kazn\u00edk odpov\u00edd\u00e1 za vzniklou \u0161kodu a\u017e do v\u00fd\u0161e \u010dasov\u00e9 hodnoty, pokud je za kr\u00e1de\u017e\/ztr\u00e1tu odpov\u011bdn\u00fd. <\/p><p>7.3 Nehody je t\u0159eba neprodlen\u011b ozn\u00e1mit Pronaj\u00edmateli; p\u0159i zran\u011bn\u00ed osob nebo zna\u010dn\u00fdch v\u011bcn\u00fdch \u0161kod\u00e1ch je nutn\u00e9 nav\u00edc p\u0159ivolat policii.<\/p><p><strong>8. Odpov\u011bdnost Pronaj\u00edmatele<\/strong><\/p><p>8.1 Pronaj\u00edmatel odpov\u00edd\u00e1 neomezen\u011b za \u0161kody zp\u016fsoben\u00e9 poru\u0161en\u00edm \u017eivota, t\u011bla nebo zdrav\u00ed a za \u0161kody podle z\u00e1kona o odpov\u011bdnosti za v\u00fdrobek.<\/p><p>8.2 V ostatn\u00edch p\u0159\u00edpadech Pronaj\u00edmatel odpov\u00edd\u00e1 za \u0161kody pouze p\u0159i \u00famyslu a hrub\u00e9 nedbalosti. P\u0159i prost\u00e9 nedbalosti Pronaj\u00edmatel odpov\u00edd\u00e1 pouze p\u0159i poru\u0161en\u00ed podstatn\u00fdch smluvn\u00edch povinnost\u00ed (kardin\u00e1ln\u00edch povinnost\u00ed) a omezen\u011b na \u0161kodu typickou pro smlouvu a p\u0159edv\u00eddatelnou. <\/p><p><strong>9. \u010ci\u0161t\u011bn\u00ed a podm\u00ednky vr\u00e1cen\u00ed<\/strong><\/p><p>9.1 Kolo mus\u00ed b\u00fdt vr\u00e1ceno v \u0159\u00e1dn\u00e9m stavu. Nadm\u011brn\u00e9 zne\u010di\u0161t\u011bn\u00ed m\u016f\u017ee b\u00fdt \u00fa\u010dtov\u00e1no pau\u0161\u00e1ln\u00edm poplatkem za \u010di\u0161t\u011bn\u00ed podle cen\u00edku. <\/p><p><strong>10. Ochrana osobn\u00edch \u00fadaj\u016f<\/strong><\/p><p>10.1 Pronaj\u00edmatel zpracov\u00e1v\u00e1 osobn\u00ed \u00fadaje Z\u00e1kazn\u00edka pro zah\u00e1jen\u00ed, realizaci a vy\u0159\u00edzen\u00ed n\u00e1jemn\u00ed smlouvy v souladu s platn\u00fdmi p\u0159edpisy o ochran\u011b osobn\u00edch \u00fadaj\u016f (zejm\u00e9na GDPR). Dal\u0161\u00ed informace najde\u0161 v prohl\u00e1\u0161en\u00ed o ochran\u011b osobn\u00edch \u00fadaj\u016f Pronaj\u00edmatele. <\/p><p><strong>11. Pr\u00e1vo na odstoupen\u00ed p\u0159i distan\u010dn\u00edm prodeji<\/strong><\/p><p>11.1 Pokud je Z\u00e1kazn\u00edk spot\u0159ebitelem a smlouva byla uzav\u0159ena v\u00fdhradn\u011b prost\u0159ednictv\u00edm komunika\u010dn\u00edch prost\u0159edk\u016f na d\u00e1lku, plat\u00ed z\u00e1konn\u00e1 ustanoven\u00ed o pr\u00e1vu na odstoupen\u00ed. V\u00fdjimky podle \u00a7 312g BGB z\u016fst\u00e1vaj\u00ed nedot\u010deny. <\/p><p><strong>12. Z\u00e1v\u011bre\u010dn\u00e1 ustanoven\u00ed<\/strong><\/p><p>12.1 Plat\u00ed n\u011bmeck\u00e9 pr\u00e1vo. Z\u00e1vazn\u00e9 p\u0159edpisy na ochranu spot\u0159ebitele st\u00e1tu pobytu Z\u00e1kazn\u00edka z\u016fst\u00e1vaj\u00ed nedot\u010deny. <\/p><p>12.2 Je-li Z\u00e1kazn\u00edk podnikatelem, pr\u00e1vnickou osobou ve\u0159ejn\u00e9ho pr\u00e1va nebo ve\u0159ejnopr\u00e1vn\u00edm zvl\u00e1\u0161tn\u00edm majetkem, je v\u00fdhradn\u00edm m\u00edstem jurisdikce s\u00eddlo Pronaj\u00edmatele.<\/p><p>12.3 Zm\u011bny a dopl\u0148ky t\u011bchto VOP vy\u017eaduj\u00ed textovou formu. Pokud budou jednotliv\u00e1 ustanoven\u00ed neplatn\u00e1, platnost ostatn\u00edch ustanoven\u00ed z\u016fst\u00e1v\u00e1 nedot\u010dena (salvatorsk\u00e1 dolo\u017eka). <br><br>Stav 2026<\/p>\t\t\t\t\t\t\t\t<\/div>\n\t\t\t\t\t<\/div>\n\t\t\t\t<\/div>\n\t\t\t\t<\/div>\n\t\t","protected":false},"excerpt":{"rendered":"<p>VOP V\u0161eobecn\u00e9 obchodn\u00ed podm\u00ednky (VOP) pro p\u016fj\u010dovnu kol 1. Rozsah platnosti 1.1 Tyto v\u0161eobecn\u00e9 obchodn\u00ed podm\u00ednky (VOP) plat\u00ed pro v\u0161echny smlouvy o pron\u00e1jmu j\u00edzdn\u00edch kol a souvisej\u00edc\u00edho p\u0159\u00edslu\u0161enstv\u00ed (zejm\u00e9na z\u00e1mk\u016f, p\u0159ileb, osv\u011btlen\u00ed) mezi pronaj\u00edmatelem (\u201epronaj\u00edmatel\u201c) a n\u00e1jemcem (\u201ez\u00e1kazn\u00edk\u201c). 1.2 Odchyln\u00e1 ujedn\u00e1n\u00ed od t\u011bchto VOP plat\u00ed pouze tehdy, pokud byla mezi Pronaj\u00edmatelem a Z\u00e1kazn\u00edkem dohodnuta v [&hellip;]<\/p>\n","protected":false},"author":1,"featured_media":0,"parent":0,"menu_order":0,"comment_status":"closed","ping_status":"closed","template":"","meta":{"footnotes":""},"class_list":["post-6758","page","type-page","status-publish","hentry"],"_links":{"self":[{"href":"https:\/\/radelster.de\/cs\/wp-json\/wp\/v2\/pages\/6758","targetHints":{"allow":["GET"]}}],"collection":[{"href":"https:\/\/radelster.de\/cs\/wp-json\/wp\/v2\/pages"}],"about":[{"href":"https:\/\/radelster.de\/cs\/wp-json\/wp\/v2\/types\/page"}],"author":[{"embeddable":true,"href":"https:\/\/radelster.de\/cs\/wp-json\/wp\/v2\/users\/1"}],"replies":[{"embeddable":true,"href":"https:\/\/radelster.de\/cs\/wp-json\/wp\/v2\/comments?post=6758"}],"version-history":[{"count":1,"href":"https:\/\/radelster.de\/cs\/wp-json\/wp\/v2\/pages\/6758\/revisions"}],"predecessor-version":[{"id":6759,"href":"https:\/\/radelster.de\/cs\/wp-json\/wp\/v2\/pages\/6758\/revisions\/6759"}],"wp:attachment":[{"href":"https:\/\/radelster.de\/cs\/wp-json\/wp\/v2\/media?parent=6758"}],"curies":[{"name":"wp","href":"https:\/\/api.w.org\/{rel}","templated":true}]}}